{"id":8029,"date":"2025-01-12T15:53:34","date_gmt":"2025-01-12T15:53:34","guid":{"rendered":"https:\/\/angry-grothendieck.79-137-88-67.plesk.page\/?page_id=8029"},"modified":"2025-01-12T16:10:20","modified_gmt":"2025-01-12T16:10:20","slug":"mentions-legales","status":"publish","type":"page","link":"https:\/\/restaurant-lacascade.fr\/en\/mentions-legales\/","title":{"rendered":"Mentions L\u00e9gales"},"content":{"rendered":"<div data-elementor-type=\"wp-page\" data-elementor-id=\"8029\" class=\"elementor elementor-8029\" data-elementor-post-type=\"page\">\n\t\t\t\t<div class=\"elementor-element elementor-element-fee776c e-con-full e-flex e-con e-parent\" data-id=\"fee776c\" data-element_type=\"container\" data-settings=\"{&quot;background_background&quot;:&quot;classic&quot;}\">\n\t\t<div class=\"elementor-element elementor-element-6ae2c5d e-con-full e-flex e-con e-child\" data-id=\"6ae2c5d\" data-element_type=\"container\">\n\t\t\t\t<div class=\"elementor-element elementor-element-fdd64cd elementor-widget elementor-widget-beurre_core_section_title\" data-id=\"fdd64cd\" data-element_type=\"widget\" data-widget_type=\"beurre_core_section_title.default\">\n\t\t\t\t<div class=\"elementor-widget-container\">\n\t\t\t\t\t<div class=\"qodef-shortcode qodef-m  qodef-section-title qodef-alignment--left  qodef-highlight-title\">\n\t\t\t<h1 class=\"qodef-m-title\" >\n\t\t\t\t\tTerms of use\t\t\t<\/h1>\n\t<\/div>\n\t\t\t\t<\/div>\n\t\t\t\t<\/div>\n\t\t<div class=\"elementor-element elementor-element-f07a8cc e-con-full e-flex e-con e-child\" data-id=\"f07a8cc\" data-element_type=\"container\">\n\t\t<div class=\"elementor-element elementor-element-c3fcaf7 e-con-full e-flex e-con e-child\" data-id=\"c3fcaf7\" data-element_type=\"container\">\n\t\t\t\t<div class=\"elementor-element elementor-element-10bba47 elementor-widget elementor-widget-heading\" data-id=\"10bba47\" data-element_type=\"widget\" data-widget_type=\"heading.default\">\n\t\t\t\t<div class=\"elementor-widget-container\">\n\t\t\t\t\t<h2 class=\"elementor-heading-title elementor-size-default\">1. Informations relatives \u00e0 l\u2019h\u00e9bergeur<\/h2>\t\t\t\t<\/div>\n\t\t\t\t<\/div>\n\t\t\t\t<div class=\"elementor-element elementor-element-8063196 elementor-widget elementor-widget-text-editor\" data-id=\"8063196\" data-element_type=\"widget\" data-widget_type=\"text-editor.default\">\n\t\t\t\t<div class=\"elementor-widget-container\">\n\t\t\t\t\t\t\t\t\t<p>OVH<br \/>SAS au capital de 10 174 560 \u20ac<\/p><p>RCS Lille M\u00e9tropole 424 761 419 00045<br \/>Code APE 2620Z<br \/>N\u00b0 TVA : FR 22 424 761 419<br \/>Si\u00e8ge social : 2 rue Kellermann &#8211; 59100 Roubaix &#8211; France<\/p>\t\t\t\t\t\t\t\t<\/div>\n\t\t\t\t<\/div>\n\t\t\t\t<\/div>\n\t\t<div class=\"elementor-element elementor-element-f6156b7 e-con-full e-flex e-con e-child\" data-id=\"f6156b7\" data-element_type=\"container\">\n\t\t\t\t<div class=\"elementor-element elementor-element-32fa1c4 elementor-widget elementor-widget-heading\" data-id=\"32fa1c4\" data-element_type=\"widget\" data-widget_type=\"heading.default\">\n\t\t\t\t<div class=\"elementor-widget-container\">\n\t\t\t\t\t<h2 class=\"elementor-heading-title elementor-size-default\">2. Informations relatives \u00e0 l\u2019\u00e9diteur<\/h2>\t\t\t\t<\/div>\n\t\t\t\t<\/div>\n\t\t\t\t<div class=\"elementor-element elementor-element-b3febae elementor-widget elementor-widget-text-editor\" data-id=\"b3febae\" data-element_type=\"widget\" data-widget_type=\"text-editor.default\">\n\t\t\t\t<div class=\"elementor-widget-container\">\n\t\t\t\t\t\t\t\t\t<p>Raison sociale : SAS Podium<br \/>Adresse : 19b Rue Du Mont d\u2019Or 69450 Saint-Cyr-Au-Mont-d\u2019Or<br \/>T\u00e9l\u00e9phone : 06 32 84 96 23<br \/>E-mail : contact@podiumcommunication.fr<br \/>Directeur de publication : J\u00e9r\u00e9my Martellet-Fauconnet<br \/>Forme juridique : SAS<br \/>97895932800011 RCS Lyon<\/p>\t\t\t\t\t\t\t\t<\/div>\n\t\t\t\t<\/div>\n\t\t\t\t<\/div>\n\t\t<div class=\"elementor-element elementor-element-670ed42 e-con-full e-flex e-con e-child\" data-id=\"670ed42\" data-element_type=\"container\">\n\t\t\t\t<div class=\"elementor-element elementor-element-27dfbbd elementor-widget elementor-widget-heading\" data-id=\"27dfbbd\" data-element_type=\"widget\" data-widget_type=\"heading.default\">\n\t\t\t\t<div class=\"elementor-widget-container\">\n\t\t\t\t\t<h2 class=\"elementor-heading-title elementor-size-default\">3. Conditions d\u2019utilisation<\/h2>\t\t\t\t<\/div>\n\t\t\t\t<\/div>\n\t\t\t\t<div class=\"elementor-element elementor-element-84db798 elementor-widget elementor-widget-text-editor\" data-id=\"84db798\" data-element_type=\"widget\" data-widget_type=\"text-editor.default\">\n\t\t\t\t<div class=\"elementor-widget-container\">\n\t\t\t\t\t\t\t\t\t<p>Le site est accessible par l\u2019url <span style=\"color: #ff0000;\"><a style=\"color: #ff0000;\" href=\"#\">cascade-restaurant.fr<\/a><\/span><br \/>Son utilisation est r\u00e9gie par les pr\u00e9sentes conditions g\u00e9n\u00e9rales. En utilisant le site, vous reconnaissez avoir pris connaissance de ces conditions et les avoir accept\u00e9es. Celles-ci pourront \u00eatre modifi\u00e9es \u00e0 tout moment et sans pr\u00e9avis par la soci\u00e9t\u00e9 Podium.<br \/>L\u2019entreprise Podium ne saurait \u00eatre tenue pour responsable en aucune mani\u00e8re d\u2019une mauvaise utilisation du service.<\/p>\t\t\t\t\t\t\t\t<\/div>\n\t\t\t\t<\/div>\n\t\t\t\t<\/div>\n\t\t<div class=\"elementor-element elementor-element-e629247 e-con-full e-flex e-con e-child\" data-id=\"e629247\" data-element_type=\"container\">\n\t\t\t\t<div class=\"elementor-element elementor-element-af1d28b elementor-widget elementor-widget-heading\" data-id=\"af1d28b\" data-element_type=\"widget\" data-widget_type=\"heading.default\">\n\t\t\t\t<div class=\"elementor-widget-container\">\n\t\t\t\t\t<h2 class=\"elementor-heading-title elementor-size-default\">4. Limitation de la responsabilit\u00e9<\/h2>\t\t\t\t<\/div>\n\t\t\t\t<\/div>\n\t\t\t\t<div class=\"elementor-element elementor-element-6ee9004 elementor-widget elementor-widget-text-editor\" data-id=\"6ee9004\" data-element_type=\"widget\" data-widget_type=\"text-editor.default\">\n\t\t\t\t<div class=\"elementor-widget-container\">\n\t\t\t\t\t\t\t\t\t<p>Les informations contenues sur ce site sont aussi pr\u00e9cises que possible et le site est p\u00e9riodiquement remis \u00e0 jour, mais peut toutefois contenir des inexactitudes, des omissions ou des lacunes. Si vous constatez une erreur ou ce qui peut \u00eatre un dysfonctionnement, merci de bien vouloir le signaler par email en d\u00e9crivant le probl\u00e8me de la mani\u00e8re la plus pr\u00e9cise possible.\u00a0<br \/>Tout contenu t\u00e9l\u00e9charg\u00e9 se fait aux risques et p\u00e9rils de l\u2019utilisateur et sous sa seule responsabilit\u00e9. En cons\u00e9quence, l\u2019entreprise Podium ne saurait \u00eatre tenue responsable d\u2019un quelconque dommage subi par l\u2019ordinateur de l\u2019utilisateur ou d\u2019une quelconque perte de donn\u00e9es cons\u00e9cutives au t\u00e9l\u00e9chargement. Les photos sont non contractuelles. Les liens hypertextes mis en place sur ce site internet en direction d\u2019autres sites internet ne sauraient engager la responsabilit\u00e9 de Podium<\/p>\t\t\t\t\t\t\t\t<\/div>\n\t\t\t\t<\/div>\n\t\t\t\t<\/div>\n\t\t<div class=\"elementor-element elementor-element-ffdef37 e-con-full e-flex e-con e-child\" data-id=\"ffdef37\" data-element_type=\"container\">\n\t\t\t\t<div class=\"elementor-element elementor-element-f307d3e elementor-widget elementor-widget-heading\" data-id=\"f307d3e\" data-element_type=\"widget\" data-widget_type=\"heading.default\">\n\t\t\t\t<div class=\"elementor-widget-container\">\n\t\t\t\t\t<h2 class=\"elementor-heading-title elementor-size-default\">\n5. Litiges<\/h2>\t\t\t\t<\/div>\n\t\t\t\t<\/div>\n\t\t\t\t<div class=\"elementor-element elementor-element-66a63ed elementor-widget elementor-widget-text-editor\" data-id=\"66a63ed\" data-element_type=\"widget\" data-widget_type=\"text-editor.default\">\n\t\t\t\t<div class=\"elementor-widget-container\">\n\t\t\t\t\t\t\t\t\t<p>Les pr\u00e9sentes conditions sont r\u00e9gies par les lois fran\u00e7aises et toute contestation ou litige qui pourrait na\u00eetre de l\u2019interpr\u00e9tation ou de l\u2019ex\u00e9cution de celles-ci seront de la comp\u00e9tence exclusive des tribunaux dont d\u00e9pend le si\u00e8ge social de la soci\u00e9t\u00e9 Podium. La langue de r\u00e9f\u00e9rence, pour le r\u00e8glement de contentieux \u00e9ventuels, est le fran\u00e7ais.<\/p>\t\t\t\t\t\t\t\t<\/div>\n\t\t\t\t<\/div>\n\t\t\t\t<\/div>\n\t\t<div class=\"elementor-element elementor-element-3ca9e90 e-con-full e-flex e-con e-child\" data-id=\"3ca9e90\" data-element_type=\"container\">\n\t\t\t\t<div class=\"elementor-element elementor-element-ce31725 elementor-widget elementor-widget-heading\" data-id=\"ce31725\" data-element_type=\"widget\" data-widget_type=\"heading.default\">\n\t\t\t\t<div class=\"elementor-widget-container\">\n\t\t\t\t\t<h2 class=\"elementor-heading-title elementor-size-default\">\n\n\n6. Droit d\u2019acc\u00e8s, de rectification et de suppression de vos donn\u00e9es<\/h2>\t\t\t\t<\/div>\n\t\t\t\t<\/div>\n\t\t\t\t<div class=\"elementor-element elementor-element-c259a66 elementor-widget elementor-widget-text-editor\" data-id=\"c259a66\" data-element_type=\"widget\" data-widget_type=\"text-editor.default\">\n\t\t\t\t<div class=\"elementor-widget-container\">\n\t\t\t\t\t\t\t\t\t<p>En application de la loi informatique et libert\u00e9s, les internautes disposent d\u2019un droit d\u2019acc\u00e8s, de rectification, de modification et de suppression concernant les donn\u00e9es qui les concernent personnellement.\u00a0<br \/>Le droit d\u2019acc\u00e8s : ils peuvent exercer leur droit d\u2019acc\u00e8s, pour conna\u00eetre les donn\u00e9es personnelles les concernant, en \u00e9crivant \u00e0 l\u2019adresse \u00e9lectronique suivante. Dans ce cas, avant la mise en \u0153uvre de ce droit, la Plateforme peut demander une preuve de l\u2019identit\u00e9 de l\u2019utilisateur afin d\u2019en v\u00e9rifier l\u2019exactitude.\u00a0<br \/>Le droit de rectification : si les donn\u00e9es \u00e0 caract\u00e8re personnel d\u00e9tenues par la Plateforme sont inexactes, ils peuvent demander la mise \u00e0 jour des informations. \u2028Le droit de suppression des donn\u00e9es : les utilisateurs peuvent demander la suppression de leurs donn\u00e9es \u00e0 caract\u00e8re personnel, conform\u00e9ment aux lois applicables en mati\u00e8re de protection des donn\u00e9es.\u00a0<br \/>Ce droit peut \u00eatre exerc\u00e9 par voie postale aupr\u00e8s de Podium, 19b Rue Du Mont d\u2019Or 69450 Saint-Cyr-Au-Mont-d\u2019Or ou par voie \u00e9lectronique \u00e0 l\u2019adresse email suivante <a href=\"mailto:contact@podiumcommunication.fr\">contact@podiumcommunication.fr<\/a>. Les informations personnelles collect\u00e9es sont confidentielles et ne sont en aucun cas transmises \u00e0 des tiers hormis pour l\u2019\u00e9ventuelle bonne ex\u00e9cution de la prestation command\u00e9e par l\u2019internaute. En vertu de la loi n\u00b0 2000-719 du 1er ao\u00fbt 2000, les coordonn\u00e9es d\u00e9clar\u00e9es par l\u2019acheteur pourront \u00eatre communiqu\u00e9es sur r\u00e9quisition des autorit\u00e9s judiciaires.<\/p>\t\t\t\t\t\t\t\t<\/div>\n\t\t\t\t<\/div>\n\t\t\t\t<\/div>\n\t\t<div class=\"elementor-element elementor-element-f0d2874 e-con-full e-flex e-con e-child\" data-id=\"f0d2874\" data-element_type=\"container\">\n\t\t\t\t<div class=\"elementor-element elementor-element-f23b8d2 elementor-widget elementor-widget-heading\" data-id=\"f23b8d2\" data-element_type=\"widget\" data-widget_type=\"heading.default\">\n\t\t\t\t<div class=\"elementor-widget-container\">\n\t\t\t\t\t<h2 class=\"elementor-heading-title elementor-size-default\">7. Collecte et protection des donn\u00e9es\u2028<\/h2>\t\t\t\t<\/div>\n\t\t\t\t<\/div>\n\t\t\t\t<div class=\"elementor-element elementor-element-557302a elementor-widget elementor-widget-text-editor\" data-id=\"557302a\" data-element_type=\"widget\" data-widget_type=\"text-editor.default\">\n\t\t\t\t<div class=\"elementor-widget-container\">\n\t\t\t\t\t\t\t\t\t<p>Vos donn\u00e9es personnelles recueillies sur le Site seront trait\u00e9es par des personnes habilit\u00e9es relevant des services de la soci\u00e9t\u00e9 Podium. Ces donn\u00e9es personnelles seront utilis\u00e9es par lesdits services notamment \u00e0 des fins d\u2019information, de communication externe se rapportant au but ou \u00e0 l\u2019activit\u00e9 poursuivie par la soci\u00e9t\u00e9 Podium, \u00e0 des fins organisationnelles, \u00e0 des fins de relev\u00e9 de statistiques de Google Analytics, de partage social (par exemple sur Twitter), ainsi que pour l\u2019accomplissement des obligations comptables et fiscales pr\u00e9vues par la loi.<\/p><p>A. Les donn\u00e9es personnelles collect\u00e9es dans les formulaires de contact sont les suivantes : \u2028\u2022 Nom et pr\u00e9nom \u2028\u2022 Adresse mail \u2028\u2022 Num\u00e9ro de t\u00e9l\u00e9phone \u2028Afin de traiter votre demande, Podium devra effectuer un traitement des donn\u00e9es personnelles vous concernant. Les donn\u00e9es sont conserv\u00e9es pendant deux (2) ans \u00e0 compter de notre dernier contact et sont destin\u00e9es exclusivement \u00e0 Podium, elles ne seront pas transmises \u00e0 des tiers. \u2028\u2028<\/p><p>B. Les donn\u00e9es personnelles collect\u00e9es dans les formulaires d\u2019inscription aux newsletters sont les suivantes : \u2028\u2022 Adresse mail \u2028Vous aurez le choix d\u2019accepter ou non de recevoir : \u2013 Des newsletters contenant les derni\u00e8res actualit\u00e9s de la soci\u00e9t\u00e9 Restaurant La Cascade \u2013 Des publicit\u00e9s adress\u00e9es par des partenaires commerciaux.<br \/>En renseignant votre email, vous affirmez avoir pris connaissance de nos mentions l\u00e9gales. Votre email sera conserv\u00e9 tant que vous ne nous ferez pas la demande de suppression de cette donn\u00e9e. \u2028Vous pourrez vous d\u00e9sinscrire \u00e0 tout moment \u00e0 l\u2019aide des liens de d\u00e9sinscription pr\u00e9sents sur les communications ou en nous contactant : 06 09 75 84 48, \u2028Col de l\u2019Iseran, D902\u202873150 Val-d&rsquo;Is\u00e8re, [\u2028d.rivollier@gmail.com\u2028\u2028<\/p>\t\t\t\t\t\t\t\t<\/div>\n\t\t\t\t<\/div>\n\t\t\t\t<\/div>\n\t\t<div class=\"elementor-element elementor-element-9c5d9d7 e-con-full e-flex e-con e-child\" data-id=\"9c5d9d7\" data-element_type=\"container\">\n\t\t\t\t<div class=\"elementor-element elementor-element-34b0fcc elementor-widget elementor-widget-heading\" data-id=\"34b0fcc\" data-element_type=\"widget\" data-widget_type=\"heading.default\">\n\t\t\t\t<div class=\"elementor-widget-container\">\n\t\t\t\t\t<h2 class=\"elementor-heading-title elementor-size-default\">8. Propri\u00e9t\u00e9 intellectuelle\u2028<\/h2>\t\t\t\t<\/div>\n\t\t\t\t<\/div>\n\t\t\t\t<div class=\"elementor-element elementor-element-b1ba903 elementor-widget elementor-widget-text-editor\" data-id=\"b1ba903\" data-element_type=\"widget\" data-widget_type=\"text-editor.default\">\n\t\t\t\t<div class=\"elementor-widget-container\">\n\t\t\t\t\t\t\t\t\t<p>Tout le contenu du pr\u00e9sent site, incluant, de fa\u00e7on non limitative, les graphismes, images, textes, vid\u00e9os, animations, sons, logos, gifs et ic\u00f4nes ainsi que leur mise en forme sont la propri\u00e9t\u00e9 exclusive de la soci\u00e9t\u00e9 Podium \u00e0 l\u2019exception des marques, logos ou contenus appartenant \u00e0 d\u2019autres soci\u00e9t\u00e9s partenaires ou auteurs. \u2028Toute reproduction, distribution, modification, adaptation, retransmission ou publication, m\u00eame partielle, de ces diff\u00e9rents \u00e9l\u00e9ments est strictement interdite sans l\u2019accord express par \u00e9crit de Podium.<\/p>\t\t\t\t\t\t\t\t<\/div>\n\t\t\t\t<\/div>\n\t\t\t\t<\/div>\n\t\t<div class=\"elementor-element elementor-element-d773505 e-con-full e-flex e-con e-child\" data-id=\"d773505\" data-element_type=\"container\">\n\t\t\t\t<div class=\"elementor-element elementor-element-bebf873 elementor-widget elementor-widget-heading\" data-id=\"bebf873\" data-element_type=\"widget\" data-widget_type=\"heading.default\">\n\t\t\t\t<div class=\"elementor-widget-container\">\n\t\t\t\t\t<h2 class=\"elementor-heading-title elementor-size-default\">9. Gestion des \u00ab cookies \u00bb<\/h2>\t\t\t\t<\/div>\n\t\t\t\t<\/div>\n\t\t\t\t<div class=\"elementor-element elementor-element-e304dd1 elementor-widget elementor-widget-text-editor\" data-id=\"e304dd1\" data-element_type=\"widget\" data-widget_type=\"text-editor.default\">\n\t\t\t\t<div class=\"elementor-widget-container\">\n\t\t\t\t\t\t\t\t\t<p>Qu\u2019est-ce qu\u2019un \u00ab cookie \u00bb ?\u2028Un \u00ab cookie \u00bb ou traceur est un fichier \u00e9lectronique d\u00e9pos\u00e9 sur un terminal (ordinateur, tablette, smartphone,\u2026) et lu par exemple lors de la consultation d\u2019un site internet, de la lecture d\u2019un courrier \u00e9lectronique, de l\u2019installation ou de l\u2019utilisation d\u2019un logiciel ou d\u2019une application mobile et ce quel que soit le type de terminal utilis\u00e9 (source : https:\/\/www.cnil.fr\/fr\/cookies-traceurs-que-dit-la-loi).\u00a0<br \/>En naviguant sur ce site, des \u00ab cookies \u00bb \u00e9manant de la soci\u00e9t\u00e9 responsable du site concern\u00e9 et\/ou des soci\u00e9t\u00e9s tiers pourront \u00eatre d\u00e9pos\u00e9s sur votre terminal. \u2028Lors de la premi\u00e8re navigation sur ce site, une fen\u00eatre de gestion du consentement des \u00ab cookies \u00bb appara\u00eetra. D\u00e8s lors, pour poursuivre la navigation sur le site web, vous devrez donner au choix soit votre accord ou soit votre d\u00e9saccord. Vous aurez \u00e9galement \u00e0 disposition dans cet outil de consentement, la personnalisation du choix des cat\u00e9gories de \u00ab cookies \u00bb \u00e0 accepter ou non. Le consentement donn\u00e9 sera stock\u00e9 sous forme de \u00ab cookies \u00bb fonctionnel dans votre navigateur, valable pour une p\u00e9riode de trois (3) mois. L\u2019utilisateur a la possibilit\u00e9 de modifier son choix \u00e0 tout moment. \u2028Les \u00ab cookies \u00bb pr\u00e9sents sur ce site internet se pr\u00e9sentent sous trois (3) cat\u00e9gories : \u2028\u2028<br \/><br \/><\/p><p>A. Cookies essentiels \u2028Ce site utilise des cookies n\u00e9cessaires \u00e0 son bon fonctionnement. C\u2019est pour cela qu\u2019ils doivent rester activ\u00e9s. \u2028\u2028<br \/><br \/><\/p><p>B. Cookies de performance \u2028Ces cookies nous aident \u00e0 am\u00e9liorer votre exp\u00e9rience en ligne. Ils ne sont pas essentiels, mais sans eux, certaines fonctionnalit\u00e9s peuvent ne pas fonctionner. \u2028Ces cookies nous permettent de d\u00e9terminer le nombre de visites et les sources du trafic, afin de mesurer et d\u2019am\u00e9liorer les performances de notre site Web. Ils nous aident \u00e9galement \u00e0 identifier les pages les plus \/ moins visit\u00e9es et d\u2019\u00e9valuer comment les visiteurs naviguent sur le site Web. Toutes les informations collect\u00e9es par ces cookies sont agr\u00e9g\u00e9es et donc anonymis\u00e9es. \u2028\u2028<br \/><br \/><\/p><p>C. Cookies de publicit\u00e9 cibl\u00e9e \u2028Les cookies marketing sont g\u00e9n\u00e9ralement utilis\u00e9s pour vous montrer des publicit\u00e9s qui correspondent \u00e0 vos int\u00e9r\u00eats. Lorsque vous visitez un autre site Web, le cookie de votre navigateur est reconnu et des publicit\u00e9s s\u00e9lectionn\u00e9es vous sont affich\u00e9es en fonction des informations stock\u00e9es dans ce cookie. \u2028Toutes les informations collect\u00e9es par nos \u00ab cookies \u00bb de performance ne seront utilis\u00e9es que pour suivre le volume, le type et la configuration du trafic utilisant ce site, pour en d\u00e9velopper la conception et l\u2019agencement et \u00e0 d\u2019autres fins administratives et de planification et plus g\u00e9n\u00e9ralement pour am\u00e9liorer le service que nous vous offrons. \u2028Pour plus d\u2019informations sur l\u2019utilisation, la gestion et la suppression des \u00ab cookies \u00bb, pour tout type de navigateur, nous vous invitons \u00e0 consulter le lien suivant : https:\/\/www.cnil.fr\/fr\/cookies-les-outils-pour-les-maitriser.<\/p>\t\t\t\t\t\t\t\t<\/div>\n\t\t\t\t<\/div>\n\t\t\t\t<\/div>\n\t\t<div class=\"elementor-element elementor-element-e693fff e-con-full e-flex e-con e-child\" data-id=\"e693fff\" data-element_type=\"container\">\n\t\t\t\t<div class=\"elementor-element elementor-element-2e619b2 elementor-widget elementor-widget-heading\" data-id=\"2e619b2\" data-element_type=\"widget\" data-widget_type=\"heading.default\">\n\t\t\t\t<div class=\"elementor-widget-container\">\n\t\t\t\t\t<h2 class=\"elementor-heading-title elementor-size-default\">10. Prestataire technique<\/h2>\t\t\t\t<\/div>\n\t\t\t\t<\/div>\n\t\t\t\t<div class=\"elementor-element elementor-element-72672b7 elementor-widget elementor-widget-text-editor\" data-id=\"72672b7\" data-element_type=\"widget\" data-widget_type=\"text-editor.default\">\n\t\t\t\t<div class=\"elementor-widget-container\">\n\t\t\t\t\t\t\t\t\t<p>Les prestations techniques sont assur\u00e9es par Podium, soci\u00e9t\u00e9 par action simplifi\u00e9e, dont le si\u00e8ge social est situ\u00e9 au 19b Rue Du Mont d\u2019Or 69450 Saint-Cyr-Au-Mont-d\u2019Or.\u2028\u2028Podium et\/ou ses fournisseurs se r\u00e9servent le droit \u00e0 tout moment de modifier ou d\u2019interrompre temporairement ou d\u00e9finitivement tout ou partie du Site sans que leur responsabilit\u00e9 ne puisse \u00eatre recherch\u00e9e et sans que cela ne puisse donner lieu \u00e0 l\u2019allocation de dommages et int\u00e9r\u00eats de quelque nature que ce soit.<\/p><p><span style=\"text-decoration: underline;\"><a href=\"https:\/\/podiumcommunication.fr\/\">Podium est l\u2019agence de communication digitale \u00e0 Lyon qui vous accompagne sur la cr\u00e9ation de site internet et de r\u00e9seaux sociaux<\/a><\/span><\/p>\t\t\t\t\t\t\t\t<\/div>\n\t\t\t\t<\/div>\n\t\t\t\t<\/div>\n\t\t\t\t<\/div>\n\t\t\t\t<\/div>\n\t\t\t\t<\/div>\n\t\t<div class=\"elementor-element elementor-element-42d8daf e-con-full e-flex e-con e-parent\" data-id=\"42d8daf\" data-element_type=\"container\">\n\t\t\t\t<div class=\"elementor-element elementor-element-d1a360b elementor-widget elementor-widget-shortcode\" data-id=\"d1a360b\" data-element_type=\"widget\" data-widget_type=\"shortcode.default\">\n\t\t\t\t<div class=\"elementor-widget-container\">\n\t\t\t\t\t\t\t<div class=\"elementor-shortcode\">\t\t<div data-elementor-type=\"section\" data-elementor-id=\"7381\" class=\"elementor elementor-7381\" data-elementor-post-type=\"elementor_library\">\n\t\t\t<div class=\"elementor-element elementor-element-3de6f8a e-con-full e-flex e-con e-parent\" data-id=\"3de6f8a\" data-element_type=\"container\">\n\t\t<div class=\"elementor-element elementor-element-ad68f7a e-con-full e-flex e-con e-child\" data-id=\"ad68f7a\" data-element_type=\"container\" id=\"footer\" data-settings=\"{&quot;background_background&quot;:&quot;classic&quot;}\">\n\t\t\t\t<div class=\"elementor-element elementor-element-21561fb elementor-widget__width-initial elementor-widget-tablet__width-inherit elementor-widget elementor-widget-heading\" data-id=\"21561fb\" data-element_type=\"widget\" data-widget_type=\"heading.default\">\n\t\t\t\t<div class=\"elementor-widget-container\">\n\t\t\t\t\t<h2 class=\"elementor-heading-title elementor-size-default\">Book <\/br>A table<\/h2>\t\t\t\t<\/div>\n\t\t\t\t<\/div>\n\t\t<div class=\"elementor-element elementor-element-c0604c6 e-con-full e-flex e-con e-child\" data-id=\"c0604c6\" data-element_type=\"container\">\n\t\t\t\t<div class=\"elementor-element elementor-element-3951bda elementor-widget elementor-widget-text-editor\" data-id=\"3951bda\" data-element_type=\"widget\" data-widget_type=\"text-editor.default\">\n\t\t\t\t<div class=\"elementor-widget-container\">\n\t\t\t\t\t\t\t\t\t<p>Looking for a gourmet break at altitude?<\/p><p>Call us to book your table and discover our Savoyard cuisine in the heart of Val d'Is\u00e8re!<\/p><p>Reservations are optional, except for groups of 30 or more.<\/p>\t\t\t\t\t\t\t\t<\/div>\n\t\t\t\t<\/div>\n\t\t\t\t<div class=\"elementor-element elementor-element-bcc79c5 elementor-widget__width-initial elementor-widget elementor-widget-beurre_core_button\" data-id=\"bcc79c5\" data-element_type=\"widget\" id=\"tel\" data-widget_type=\"beurre_core_button.default\">\n\t\t\t\t<div class=\"elementor-widget-container\">\n\t\t\t\t\t<a class=\"qodef-shortcode qodef-m  qodef-button qodef-layout--ellipse  qodef-html--link\" href=\"tel:0609758448\" target=\"_self\"  style=\"color: #CB6037;font-size: 30px;font-weight: 500;text-transform: uppercase;padding: 5px\">\n    <span class=\"qodef-m-text\">06 09 75 84 48<\/span>\n    <span class=\"qodef-e-ellipse qodef-button\"  >\n        <svg class=\"qodef-svg--btn-ellipse qodef-btn-ellipse\" xmlns=\"http:\/\/www.w3.org\/2000\/svg\" xmlns:xlink=\"http:\/\/www.w3.org\/1999\/xlink\" x=\"0px\"\r\n     y=\"0px\" width=\"200px\" height=\"120.83px\" viewbox=\"0 0 200 120.83\" enable-background=\"new 0 0 200 120.83\" xml:space=\"preserve\"><ellipse transform=\"matrix(0.9597 -0.2811 0.2811 0.9597 -12.9951 30.6042)\" fill=\"none\" stroke=\"currentColor\" stroke-miterlimit=\"10\" cx=\"100.17\" cy=\"60.6\" rx=\"102.15\" ry=\"54.27\"><\/ellipse><ellipse transform=\"matrix(0.9597 -0.2811 0.2811 0.9597 -12.9951 30.6042)\" fill=\"none\" stroke=\"currentColor\" stroke-miterlimit=\"10\" cx=\"100.17\" cy=\"60.6\" rx=\"102.15\" ry=\"54.27\"><\/ellipse><\/svg>    <\/span>\n<\/a>\n\t\t\t\t<\/div>\n\t\t\t\t<\/div>\n\t\t\t\t<\/div>\n\t\t\t\t<\/div>\n\t\t\t\t<\/div>\n\t\t<div class=\"elementor-element elementor-element-15a0be6 e-con-full e-flex e-con e-parent\" data-id=\"15a0be6\" data-element_type=\"container\" data-settings=\"{&quot;background_background&quot;:&quot;classic&quot;}\">\n\t\t<div class=\"elementor-element elementor-element-c72bd7a e-con-full e-flex e-con e-child\" data-id=\"c72bd7a\" data-element_type=\"container\">\n\t\t<div class=\"elementor-element elementor-element-f312b1d e-con-full e-flex e-con e-child\" data-id=\"f312b1d\" data-element_type=\"container\">\n\t\t\t\t<div class=\"elementor-element elementor-element-86a6317 elementor-widget__width-initial elementor-widget elementor-widget-heading\" data-id=\"86a6317\" data-element_type=\"widget\" data-widget_type=\"heading.default\">\n\t\t\t\t<div class=\"elementor-widget-container\">\n\t\t\t\t\t<h3 class=\"elementor-heading-title elementor-size-default\">Address<\/h3>\t\t\t\t<\/div>\n\t\t\t\t<\/div>\n\t\t\t\t<div class=\"elementor-element elementor-element-c1dd5e7 elementor-widget__width-initial elementor-widget elementor-widget-heading\" data-id=\"c1dd5e7\" data-element_type=\"widget\" data-widget_type=\"heading.default\">\n\t\t\t\t<div class=\"elementor-widget-container\">\n\t\t\t\t\t<h4 class=\"elementor-heading-title elementor-size-default\"><a href=\"https:\/\/www.google.com\/maps\/place\/La+Cascade\/@45.421894,7.0402703,17z\/data=!3m1!4b1!4m6!3m5!1s0x478908f8796c3ed3:0x70e0442503c1d351!8m2!3d45.421894!4d7.0402703!16s%2Fg%2F11f3v_2mr1?entry=ttu&#038;g_ep=EgoyMDI1MDExNS4wIKXMDSoASAFQAw%3D%3D\" target=\"_blank\">Restaurant La Cascade\u2028<br \/> \nCol de l\u2019Iseran, D902\u2028\u2028<br \/> 73150 Val-d'Is\u00e8re, France<\/a><\/h4>\t\t\t\t<\/div>\n\t\t\t\t<\/div>\n\t\t\t\t<\/div>\n\t\t<div class=\"elementor-element elementor-element-422a732 e-con-full e-flex e-con e-child\" data-id=\"422a732\" data-element_type=\"container\">\n\t\t\t\t<div class=\"elementor-element elementor-element-9f9dbac elementor-widget__width-initial elementor-widget elementor-widget-heading\" data-id=\"9f9dbac\" data-element_type=\"widget\" data-widget_type=\"heading.default\">\n\t\t\t\t<div class=\"elementor-widget-container\">\n\t\t\t\t\t<h3 class=\"elementor-heading-title elementor-size-default\">Opening hours<\/h3>\t\t\t\t<\/div>\n\t\t\t\t<\/div>\n\t\t\t\t<div class=\"elementor-element elementor-element-6a2608f elementor-widget__width-initial elementor-widget elementor-widget-text-editor\" data-id=\"6a2608f\" data-element_type=\"widget\" data-widget_type=\"text-editor.default\">\n\t\t\t\t<div class=\"elementor-widget-container\">\n\t\t\t\t\t\t\t\t\t<p>Du lundi au vendredi de 8H30 \u00e0 16h00<br \/>Samedi et dimanche de 8H30 \u00e0 16H00<br \/>Summer period : 06\/14 to 09\/14<\/p>\t\t\t\t\t\t\t\t<\/div>\n\t\t\t\t<\/div>\n\t\t\t\t<\/div>\n\t\t\t\t<\/div>\n\t\t<div class=\"elementor-element elementor-element-44be221 e-con-full elementor-hidden-tablet elementor-hidden-mobile e-flex e-con e-child\" data-id=\"44be221\" data-element_type=\"container\">\n\t\t\t\t<div class=\"elementor-element elementor-element-390e895 elementor-widget elementor-widget-image\" data-id=\"390e895\" data-element_type=\"widget\" data-widget_type=\"image.default\">\n\t\t\t\t<div class=\"elementor-widget-container\">\n\t\t\t\t\t\t\t\t\t\t\t\t\t\t\t<img fetchpriority=\"high\" decoding=\"async\" width=\"338\" height=\"227\" src=\"https:\/\/restaurant-lacascade.fr\/wp-content\/uploads\/2025\/01\/logo-footer.png\" class=\"attachment-large size-large wp-image-7630\" alt=\"\" srcset=\"https:\/\/restaurant-lacascade.fr\/wp-content\/uploads\/2025\/01\/logo-footer.png 338w, https:\/\/restaurant-lacascade.fr\/wp-content\/uploads\/2025\/01\/logo-footer-300x201.png 300w\" sizes=\"(max-width: 338px) 100vw, 338px\" \/>\t\t\t\t\t\t\t\t\t\t\t\t\t\t\t<\/div>\n\t\t\t\t<\/div>\n\t\t\t\t<div class=\"elementor-element elementor-element-db31089 elementor-widget__width-initial elementor-widget elementor-widget-heading\" data-id=\"db31089\" data-element_type=\"widget\" data-widget_type=\"heading.default\">\n\t\t\t\t<div class=\"elementor-widget-container\">\n\t\t\t\t\t<p class=\"elementor-heading-title elementor-size-default\">La Cascade - high-altitude restaurant in Val d'Is\u00e8re. Self-service Savoyard cuisine<\/p>\t\t\t\t<\/div>\n\t\t\t\t<\/div>\n\t\t\t\t<\/div>\n\t\t<div class=\"elementor-element elementor-element-e089d9c e-con-full e-flex e-con e-child\" data-id=\"e089d9c\" data-element_type=\"container\">\n\t\t<div class=\"elementor-element elementor-element-9217be4 e-con-full e-flex e-con e-child\" data-id=\"9217be4\" data-element_type=\"container\">\n\t\t\t\t<div class=\"elementor-element elementor-element-0770892 elementor-widget__width-initial elementor-widget elementor-widget-heading\" data-id=\"0770892\" data-element_type=\"widget\" data-widget_type=\"heading.default\">\n\t\t\t\t<div class=\"elementor-widget-container\">\n\t\t\t\t\t<h3 class=\"elementor-heading-title elementor-size-default\">Contact<\/h3>\t\t\t\t<\/div>\n\t\t\t\t<\/div>\n\t\t\t\t<div class=\"elementor-element elementor-element-e5e282e elementor-widget__width-initial elementor-widget elementor-widget-heading\" data-id=\"e5e282e\" data-element_type=\"widget\" data-widget_type=\"heading.default\">\n\t\t\t\t<div class=\"elementor-widget-container\">\n\t\t\t\t\t<h4 class=\"elementor-heading-title elementor-size-default\"><a href=\"tel:0609758448\">06 09 75 84 48<\/a><\/h4>\t\t\t\t<\/div>\n\t\t\t\t<\/div>\n\t\t\t\t<div class=\"elementor-element elementor-element-ccc2c20 elementor-widget__width-initial elementor-widget elementor-widget-heading\" data-id=\"ccc2c20\" data-element_type=\"widget\" data-widget_type=\"heading.default\">\n\t\t\t\t<div class=\"elementor-widget-container\">\n\t\t\t\t\t<h4 class=\"elementor-heading-title elementor-size-default\"><a href=\"tel:0458001154\">04 58 00 11 54<\/a><\/h4>\t\t\t\t<\/div>\n\t\t\t\t<\/div>\n\t\t\t\t<div class=\"elementor-element elementor-element-88f556a elementor-widget__width-initial elementor-widget elementor-widget-heading\" data-id=\"88f556a\" data-element_type=\"widget\" data-widget_type=\"heading.default\">\n\t\t\t\t<div class=\"elementor-widget-container\">\n\t\t\t\t\t<h4 class=\"elementor-heading-title elementor-size-default\"><a href=\"mailto:cascade.valtude@gmail.com\">cascade.valtude@gmail.com<\/a><\/h4>\t\t\t\t<\/div>\n\t\t\t\t<\/div>\n\t\t\t\t<\/div>\n\t\t<div class=\"elementor-element elementor-element-e1086a8 e-con-full e-flex e-con e-child\" data-id=\"e1086a8\" data-element_type=\"container\">\n\t\t\t\t<div class=\"elementor-element elementor-element-87b03c9 elementor-view-default elementor-widget elementor-widget-icon\" data-id=\"87b03c9\" data-element_type=\"widget\" data-widget_type=\"icon.default\">\n\t\t\t\t<div class=\"elementor-widget-container\">\n\t\t\t\t\t\t\t<div class=\"elementor-icon-wrapper\">\n\t\t\t<a class=\"elementor-icon\" href=\"https:\/\/www.facebook.com\/lacascade.restaurant.valdisere\/\" target=\"_blank\" rel=\"nofollow\">\n\t\t\t<svg aria-hidden=\"true\" class=\"e-font-icon-svg e-fab-facebook-f\" viewbox=\"0 0 320 512\" xmlns=\"http:\/\/www.w3.org\/2000\/svg\"><path d=\"M279.14 288l14.22-92.66h-88.91v-60.13c0-25.35 12.42-50.06 52.24-50.06h40.42V6.26S260.43 0 225.36 0c-73.22 0-121.08 44.38-121.08 124.72v70.62H22.89V288h81.39v224h100.17V288z\"><\/path><\/svg>\t\t\t<\/a>\n\t\t<\/div>\n\t\t\t\t\t\t<\/div>\n\t\t\t\t<\/div>\n\t\t\t\t<div class=\"elementor-element elementor-element-f4287b2 elementor-view-default elementor-widget elementor-widget-icon\" data-id=\"f4287b2\" data-element_type=\"widget\" data-widget_type=\"icon.default\">\n\t\t\t\t<div class=\"elementor-widget-container\">\n\t\t\t\t\t\t\t<div class=\"elementor-icon-wrapper\">\n\t\t\t<a class=\"elementor-icon\" href=\"https:\/\/www.instagram.com\/lacascade_iseran\/\" target=\"_blank\" rel=\"nofollow\">\n\t\t\t<svg aria-hidden=\"true\" class=\"e-font-icon-svg e-fab-instagram\" viewbox=\"0 0 448 512\" xmlns=\"http:\/\/www.w3.org\/2000\/svg\"><path d=\"M224.1 141c-63.6 0-114.9 51.3-114.9 114.9s51.3 114.9 114.9 114.9S339 319.5 339 255.9 287.7 141 224.1 141zm0 189.6c-41.1 0-74.7-33.5-74.7-74.7s33.5-74.7 74.7-74.7 74.7 33.5 74.7 74.7-33.6 74.7-74.7 74.7zm146.4-194.3c0 14.9-12 26.8-26.8 26.8-14.9 0-26.8-12-26.8-26.8s12-26.8 26.8-26.8 26.8 12 26.8 26.8zm76.1 27.2c-1.7-35.9-9.9-67.7-36.2-93.9-26.2-26.2-58-34.4-93.9-36.2-37-2.1-147.9-2.1-184.9 0-35.8 1.7-67.6 9.9-93.9 36.1s-34.4 58-36.2 93.9c-2.1 37-2.1 147.9 0 184.9 1.7 35.9 9.9 67.7 36.2 93.9s58 34.4 93.9 36.2c37 2.1 147.9 2.1 184.9 0 35.9-1.7 67.7-9.9 93.9-36.2 26.2-26.2 34.4-58 36.2-93.9 2.1-37 2.1-147.8 0-184.8zM398.8 388c-7.8 19.6-22.9 34.7-42.6 42.6-29.5 11.7-99.5 9-132.1 9s-102.7 2.6-132.1-9c-19.6-7.8-34.7-22.9-42.6-42.6-11.7-29.5-9-99.5-9-132.1s-2.6-102.7 9-132.1c7.8-19.6 22.9-34.7 42.6-42.6 29.5-11.7 99.5-9 132.1-9s102.7-2.6 132.1 9c19.6 7.8 34.7 22.9 42.6 42.6 11.7 29.5 9 99.5 9 132.1s2.7 102.7-9 132.1z\"><\/path><\/svg>\t\t\t<\/a>\n\t\t<\/div>\n\t\t\t\t\t\t<\/div>\n\t\t\t\t<\/div>\n\t\t\t\t<div class=\"elementor-element elementor-element-10198c1 elementor-view-default elementor-widget elementor-widget-icon\" data-id=\"10198c1\" data-element_type=\"widget\" data-widget_type=\"icon.default\">\n\t\t\t\t<div class=\"elementor-widget-container\">\n\t\t\t\t\t\t\t<div class=\"elementor-icon-wrapper\">\n\t\t\t<a class=\"elementor-icon\" href=\"https:\/\/www.tripadvisor.fr\/Restaurant_Review-g187271-d6558158-Reviews-Restaurant_La_Cascade-Val_d_Isere_Savoie_Auvergne_Rhone_Alpes.html\" target=\"_blank\" rel=\"nofollow\">\n\t\t\t<svg aria-hidden=\"true\" class=\"e-font-icon-svg e-fab-tripadvisor\" viewbox=\"0 0 576 512\" xmlns=\"http:\/\/www.w3.org\/2000\/svg\"><path d=\"M528.91,178.82,576,127.58H471.66a326.11,326.11,0,0,0-367,0H0l47.09,51.24A143.911,143.911,0,0,0,241.86,390.73L288,440.93l46.11-50.17A143.94,143.94,0,0,0,575.88,285.18h-.03A143.56,143.56,0,0,0,528.91,178.82ZM144.06,382.57a97.39,97.39,0,1,1,97.39-97.39A97.39,97.39,0,0,1,144.06,382.57ZM288,282.37c0-64.09-46.62-119.08-108.09-142.59a281,281,0,0,1,216.17,0C334.61,163.3,288,218.29,288,282.37Zm143.88,100.2h-.01a97.405,97.405,0,1,1,.01,0ZM144.06,234.12h-.01a51.06,51.06,0,1,0,51.06,51.06v-.11A51,51,0,0,0,144.06,234.12Zm287.82,0a51.06,51.06,0,1,0,51.06,51.06A51.06,51.06,0,0,0,431.88,234.12Z\"><\/path><\/svg>\t\t\t<\/a>\n\t\t<\/div>\n\t\t\t\t\t\t<\/div>\n\t\t\t\t<\/div>\n\t\t\t\t<\/div>\n\t\t<div class=\"elementor-element elementor-element-802dd5d e-con-full e-flex e-con e-child\" data-id=\"802dd5d\" data-element_type=\"container\">\n\t\t\t\t<div class=\"elementor-element elementor-element-c153bf6 elementor-widget__width-initial elementor-widget elementor-widget-heading\" data-id=\"c153bf6\" data-element_type=\"widget\" data-widget_type=\"heading.default\">\n\t\t\t\t<div class=\"elementor-widget-container\">\n\t\t\t\t\t<h3 class=\"elementor-heading-title elementor-size-default\">Useful information<\/h3>\t\t\t\t<\/div>\n\t\t\t\t<\/div>\n\t\t\t\t<div class=\"elementor-element elementor-element-0fadd36 elementor-widget elementor-widget-spacer\" data-id=\"0fadd36\" data-element_type=\"widget\" data-widget_type=\"spacer.default\">\n\t\t\t\t<div class=\"elementor-widget-container\">\n\t\t\t\t\t\t\t<div class=\"elementor-spacer\">\n\t\t\t<div class=\"elementor-spacer-inner\"><\/div>\n\t\t<\/div>\n\t\t\t\t\t\t<\/div>\n\t\t\t\t<\/div>\n\t\t\t\t<div class=\"elementor-element elementor-element-ac0d05d elementor-widget__width-initial elementor-widget elementor-widget-heading\" data-id=\"ac0d05d\" data-element_type=\"widget\" data-widget_type=\"heading.default\">\n\t\t\t\t<div class=\"elementor-widget-container\">\n\t\t\t\t\t<h4 class=\"elementor-heading-title elementor-size-default\"><a href=\"https:\/\/www.valdisere.com\/live\/plan-des-pistes\/\" target=\"_blank\" rel=\"nofollow\">Trail map<\/a><\/h4>\t\t\t\t<\/div>\n\t\t\t\t<\/div>\n\t\t\t\t<div class=\"elementor-element elementor-element-e11bb11 elementor-widget__width-initial elementor-widget elementor-widget-heading\" data-id=\"e11bb11\" data-element_type=\"widget\" data-widget_type=\"heading.default\">\n\t\t\t\t<div class=\"elementor-widget-container\">\n\t\t\t\t\t<h4 class=\"elementor-heading-title elementor-size-default\"><a href=\"https:\/\/www.valdisere.com\/live\/webcams\/\" target=\"_blank\" rel=\"nofollow\">Webcams<\/a><\/h4>\t\t\t\t<\/div>\n\t\t\t\t<\/div>\n\t\t\t\t<div class=\"elementor-element elementor-element-4ce1282 elementor-widget__width-initial elementor-widget elementor-widget-heading\" data-id=\"4ce1282\" data-element_type=\"widget\" data-widget_type=\"heading.default\">\n\t\t\t\t<div class=\"elementor-widget-container\">\n\t\t\t\t\t<h4 class=\"elementor-heading-title elementor-size-default\"><a href=\"https:\/\/www.valdisere.com\/live\/meteo-a-val-disere\/\" target=\"_blank\" rel=\"nofollow\">Weather<\/a><\/h4>\t\t\t\t<\/div>\n\t\t\t\t<\/div>\n\t\t\t\t<div class=\"elementor-element elementor-element-5c5d103 elementor-widget__width-initial elementor-widget elementor-widget-heading\" data-id=\"5c5d103\" data-element_type=\"widget\" data-widget_type=\"heading.default\">\n\t\t\t\t<div class=\"elementor-widget-container\">\n\t\t\t\t\t<h4 class=\"elementor-heading-title elementor-size-default\"><a href=\"https:\/\/www.valdisere.com\/live\/enneigement\/\" target=\"_blank\" rel=\"nofollow\">Snowmaking<\/a><\/h4>\t\t\t\t<\/div>\n\t\t\t\t<\/div>\n\t\t\t\t<div class=\"elementor-element elementor-element-fbacbd6 elementor-widget__width-initial elementor-widget elementor-widget-heading\" data-id=\"fbacbd6\" data-element_type=\"widget\" data-widget_type=\"heading.default\">\n\t\t\t\t<div class=\"elementor-widget-container\">\n\t\t\t\t\t<h4 class=\"elementor-heading-title elementor-size-default\"><a href=\"https:\/\/www.valdisere.com\/live\/etat-des-routes\/\" target=\"_blank\" rel=\"nofollow\">Road conditions<\/a><\/h4>\t\t\t\t<\/div>\n\t\t\t\t<\/div>\n\t\t\t\t<div class=\"elementor-element elementor-element-9634f54 elementor-widget__width-initial elementor-widget elementor-widget-heading\" data-id=\"9634f54\" data-element_type=\"widget\" data-widget_type=\"heading.default\">\n\t\t\t\t<div class=\"elementor-widget-container\">\n\t\t\t\t\t<h4 class=\"elementor-heading-title elementor-size-default\"><a href=\"https:\/\/www.valdisere.com\/live\/enneigement\/\" target=\"_blank\" rel=\"nofollow\">Runway status<\/a><\/h4>\t\t\t\t<\/div>\n\t\t\t\t<\/div>\n\t\t\t\t<div class=\"elementor-element elementor-element-1c8784a elementor-widget__width-initial elementor-widget elementor-widget-heading\" data-id=\"1c8784a\" data-element_type=\"widget\" data-widget_type=\"heading.default\">\n\t\t\t\t<div class=\"elementor-widget-container\">\n\t\t\t\t\t<h4 class=\"elementor-heading-title elementor-size-default\"><a href=\"https:\/\/restaurant-lacascade.fr\/en\/archive\/\">Archive<\/a><\/h4>\t\t\t\t<\/div>\n\t\t\t\t<\/div>\n\t\t\t\t<\/div>\n\t\t\t\t<\/div>\n\t\t<div class=\"elementor-element elementor-element-4ff0bec e-con-full elementor-hidden-desktop e-flex e-con e-child\" data-id=\"4ff0bec\" data-element_type=\"container\">\n\t\t\t\t<div class=\"elementor-element elementor-element-02481b4 elementor-widget elementor-widget-image\" data-id=\"02481b4\" data-element_type=\"widget\" data-widget_type=\"image.default\">\n\t\t\t\t<div class=\"elementor-widget-container\">\n\t\t\t\t\t\t\t\t\t\t\t\t\t\t\t<img fetchpriority=\"high\" decoding=\"async\" width=\"338\" height=\"227\" src=\"https:\/\/restaurant-lacascade.fr\/wp-content\/uploads\/2025\/01\/logo-footer.png\" class=\"attachment-large size-large wp-image-7630\" alt=\"\" srcset=\"https:\/\/restaurant-lacascade.fr\/wp-content\/uploads\/2025\/01\/logo-footer.png 338w, https:\/\/restaurant-lacascade.fr\/wp-content\/uploads\/2025\/01\/logo-footer-300x201.png 300w\" sizes=\"(max-width: 338px) 100vw, 338px\" \/>\t\t\t\t\t\t\t\t\t\t\t\t\t\t\t<\/div>\n\t\t\t\t<\/div>\n\t\t\t\t<div class=\"elementor-element elementor-element-0f93da8 elementor-widget__width-initial elementor-widget elementor-widget-heading\" data-id=\"0f93da8\" data-element_type=\"widget\" data-widget_type=\"heading.default\">\n\t\t\t\t<div class=\"elementor-widget-container\">\n\t\t\t\t\t<p class=\"elementor-heading-title elementor-size-default\">La Cascade - high-altitude restaurant in Val d'Is\u00e8re. Self-service Savoyard cuisine<\/p>\t\t\t\t<\/div>\n\t\t\t\t<\/div>\n\t\t\t\t<\/div>\n\t\t\t\t<\/div>\n\t\t<div class=\"elementor-element elementor-element-33d3787 e-con-full e-flex e-con e-parent\" data-id=\"33d3787\" data-element_type=\"container\" data-settings=\"{&quot;background_background&quot;:&quot;classic&quot;}\">\n\t\t\t\t<div class=\"elementor-element elementor-element-654aaec elementor-widget elementor-widget-image\" data-id=\"654aaec\" data-element_type=\"widget\" data-widget_type=\"image.default\">\n\t\t\t\t<div class=\"elementor-widget-container\">\n\t\t\t\t\t\t\t\t\t\t\t\t\t\t\t\t<a href=\"https:\/\/podiumcommunication.fr\/\" target=\"_blank\" rel=\"nofollow\">\n\t\t\t\t\t\t\t<img decoding=\"async\" width=\"22\" height=\"36\" src=\"https:\/\/restaurant-lacascade.fr\/wp-content\/uploads\/2025\/01\/logo-podium.png\" class=\"attachment-large size-large wp-image-7637\" alt=\"\" \/>\t\t\t\t\t\t\t\t<\/a>\n\t\t\t\t\t\t\t\t\t\t\t\t\t\t\t<\/div>\n\t\t\t\t<\/div>\n\t\t\t\t<div class=\"elementor-element elementor-element-395bbdf elementor-widget-mobile__width-initial elementor-widget elementor-widget-text-editor\" data-id=\"395bbdf\" data-element_type=\"widget\" data-widget_type=\"text-editor.default\">\n\t\t\t\t<div class=\"elementor-widget-container\">\n\t\t\t\t\t\t\t\t\t<p>\u00a9 2024 &#8211; Podium | Communication &#8211; Tous droits r\u00e9serv\u00e9s &#8211;<span style=\"text-decoration: underline; color: #ffffff;\"> <a style=\"color: #ffffff; text-decoration: underline;\" href=\"\/en\/mentions-legales\/\">Terms of use<\/a><\/span><\/p>\t\t\t\t\t\t\t\t<\/div>\n\t\t\t\t<\/div>\n\t\t\t\t<div class=\"elementor-element elementor-element-e9ef896 elementor-hidden-tablet elementor-hidden-mobile elementor-widget elementor-widget-spacer\" data-id=\"e9ef896\" data-element_type=\"widget\" data-widget_type=\"spacer.default\">\n\t\t\t\t<div class=\"elementor-widget-container\">\n\t\t\t\t\t\t\t<div class=\"elementor-spacer\">\n\t\t\t<div class=\"elementor-spacer-inner\"><\/div>\n\t\t<\/div>\n\t\t\t\t\t\t<\/div>\n\t\t\t\t<\/div>\n\t\t\t\t<\/div>\n\t\t\t\t<\/div>\n\t\t<\/div>\n\t\t\t\t\t\t<\/div>\n\t\t\t\t<\/div>\n\t\t\t\t<\/div>\n\t\t\t\t<\/div>","protected":false},"excerpt":{"rendered":"<p>Mentions l\u00e9gales 1. Informations relatives \u00e0 l\u2019h\u00e9bergeur OVHSAS au capital de 10 174 560 \u20ac RCS Lille M\u00e9tropole 424 761 419 00045Code APE 2620ZN\u00b0 TVA : FR 22 424 761 419Si\u00e8ge social : 2 rue Kellermann &#8211; 59100 Roubaix &#8211; France 2. Informations relatives \u00e0 l\u2019\u00e9diteur Raison sociale : SAS PodiumAdresse : 19b Rue Du [&hellip;]<\/p>","protected":false},"author":2,"featured_media":0,"parent":0,"menu_order":0,"comment_status":"closed","ping_status":"closed","template":"","meta":{"_acf_changed":false,"footnotes":""},"class_list":["post-8029","page","type-page","status-publish","hentry"],"acf":[],"yoast_head":"<!-- This site is optimized with the Yoast SEO plugin v26.0 - https:\/\/yoast.com\/wordpress\/plugins\/seo\/ -->\n<title>Mentions L\u00e9gales - La Cascade<\/title>\n<meta name=\"robots\" content=\"index, follow, max-snippet:-1, max-image-preview:large, max-video-preview:-1\" \/>\n<link rel=\"canonical\" href=\"https:\/\/restaurant-lacascade.fr\/en\/mentions-legales\/\" \/>\n<meta property=\"og:locale\" content=\"en_GB\" \/>\n<meta property=\"og:type\" content=\"article\" \/>\n<meta property=\"og:title\" content=\"Mentions L\u00e9gales - La Cascade\" \/>\n<meta property=\"og:description\" content=\"Mentions l\u00e9gales 1. Informations relatives \u00e0 l\u2019h\u00e9bergeur OVHSAS au capital de 10 174 560 \u20ac RCS Lille M\u00e9tropole 424 761 419 00045Code APE 2620ZN\u00b0 TVA : FR 22 424 761 419Si\u00e8ge social : 2 rue Kellermann &#8211; 59100 Roubaix &#8211; France 2. Informations relatives \u00e0 l\u2019\u00e9diteur Raison sociale : SAS PodiumAdresse : 19b Rue Du [&hellip;]\" \/>\n<meta property=\"og:url\" content=\"https:\/\/restaurant-lacascade.fr\/en\/mentions-legales\/\" \/>\n<meta property=\"og:site_name\" content=\"La Cascade\" \/>\n<meta property=\"article:modified_time\" content=\"2025-01-12T16:10:20+00:00\" \/>\n<meta name=\"twitter:card\" content=\"summary_large_image\" \/>\n<meta name=\"twitter:label1\" content=\"Estimated reading time\" \/>\n\t<meta name=\"twitter:data1\" content=\"8 minutes\" \/>\n<script type=\"application\/ld+json\" class=\"yoast-schema-graph\">{\"@context\":\"https:\/\/schema.org\",\"@graph\":[{\"@type\":\"WebPage\",\"@id\":\"https:\/\/restaurant-lacascade.fr\/mentions-legales\/\",\"url\":\"https:\/\/restaurant-lacascade.fr\/mentions-legales\/\",\"name\":\"Mentions L\u00e9gales - La Cascade\",\"isPartOf\":{\"@id\":\"https:\/\/restaurant-lacascade.fr\/#website\"},\"datePublished\":\"2025-01-12T15:53:34+00:00\",\"dateModified\":\"2025-01-12T16:10:20+00:00\",\"breadcrumb\":{\"@id\":\"https:\/\/restaurant-lacascade.fr\/mentions-legales\/#breadcrumb\"},\"inLanguage\":\"en-GB\",\"potentialAction\":[{\"@type\":\"ReadAction\",\"target\":[\"https:\/\/restaurant-lacascade.fr\/mentions-legales\/\"]}]},{\"@type\":\"BreadcrumbList\",\"@id\":\"https:\/\/restaurant-lacascade.fr\/mentions-legales\/#breadcrumb\",\"itemListElement\":[{\"@type\":\"ListItem\",\"position\":1,\"name\":\"Accueil\",\"item\":\"https:\/\/restaurant-lacascade.fr\/\"},{\"@type\":\"ListItem\",\"position\":2,\"name\":\"Mentions L\u00e9gales\"}]},{\"@type\":\"WebSite\",\"@id\":\"https:\/\/restaurant-lacascade.fr\/#website\",\"url\":\"https:\/\/restaurant-lacascade.fr\/\",\"name\":\"La Cascade\",\"description\":\"\",\"potentialAction\":[{\"@type\":\"SearchAction\",\"target\":{\"@type\":\"EntryPoint\",\"urlTemplate\":\"https:\/\/restaurant-lacascade.fr\/?s={search_term_string}\"},\"query-input\":{\"@type\":\"PropertyValueSpecification\",\"valueRequired\":true,\"valueName\":\"search_term_string\"}}],\"inLanguage\":\"en-GB\"}]}<\/script>\n<!-- \/ Yoast SEO plugin. -->","yoast_head_json":{"title":"Mentions L\u00e9gales - La Cascade","robots":{"index":"index","follow":"follow","max-snippet":"max-snippet:-1","max-image-preview":"max-image-preview:large","max-video-preview":"max-video-preview:-1"},"canonical":"https:\/\/restaurant-lacascade.fr\/en\/mentions-legales\/","og_locale":"en_GB","og_type":"article","og_title":"Mentions L\u00e9gales - La Cascade","og_description":"Mentions l\u00e9gales 1. Informations relatives \u00e0 l\u2019h\u00e9bergeur OVHSAS au capital de 10 174 560 \u20ac RCS Lille M\u00e9tropole 424 761 419 00045Code APE 2620ZN\u00b0 TVA : FR 22 424 761 419Si\u00e8ge social : 2 rue Kellermann &#8211; 59100 Roubaix &#8211; France 2. Informations relatives \u00e0 l\u2019\u00e9diteur Raison sociale : SAS PodiumAdresse : 19b Rue Du [&hellip;]","og_url":"https:\/\/restaurant-lacascade.fr\/en\/mentions-legales\/","og_site_name":"La Cascade","article_modified_time":"2025-01-12T16:10:20+00:00","twitter_card":"summary_large_image","twitter_misc":{"Estimated reading time":"8 minutes"},"schema":{"@context":"https:\/\/schema.org","@graph":[{"@type":"WebPage","@id":"https:\/\/restaurant-lacascade.fr\/mentions-legales\/","url":"https:\/\/restaurant-lacascade.fr\/mentions-legales\/","name":"Mentions L\u00e9gales - La Cascade","isPartOf":{"@id":"https:\/\/restaurant-lacascade.fr\/#website"},"datePublished":"2025-01-12T15:53:34+00:00","dateModified":"2025-01-12T16:10:20+00:00","breadcrumb":{"@id":"https:\/\/restaurant-lacascade.fr\/mentions-legales\/#breadcrumb"},"inLanguage":"en-GB","potentialAction":[{"@type":"ReadAction","target":["https:\/\/restaurant-lacascade.fr\/mentions-legales\/"]}]},{"@type":"BreadcrumbList","@id":"https:\/\/restaurant-lacascade.fr\/mentions-legales\/#breadcrumb","itemListElement":[{"@type":"ListItem","position":1,"name":"Accueil","item":"https:\/\/restaurant-lacascade.fr\/"},{"@type":"ListItem","position":2,"name":"Mentions L\u00e9gales"}]},{"@type":"WebSite","@id":"https:\/\/restaurant-lacascade.fr\/#website","url":"https:\/\/restaurant-lacascade.fr\/","name":"La Cascade","description":"","potentialAction":[{"@type":"SearchAction","target":{"@type":"EntryPoint","urlTemplate":"https:\/\/restaurant-lacascade.fr\/?s={search_term_string}"},"query-input":{"@type":"PropertyValueSpecification","valueRequired":true,"valueName":"search_term_string"}}],"inLanguage":"en-GB"}]}},"_links":{"self":[{"href":"https:\/\/restaurant-lacascade.fr\/en\/wp-json\/wp\/v2\/pages\/8029","targetHints":{"allow":["GET"]}}],"collection":[{"href":"https:\/\/restaurant-lacascade.fr\/en\/wp-json\/wp\/v2\/pages"}],"about":[{"href":"https:\/\/restaurant-lacascade.fr\/en\/wp-json\/wp\/v2\/types\/page"}],"author":[{"embeddable":true,"href":"https:\/\/restaurant-lacascade.fr\/en\/wp-json\/wp\/v2\/users\/2"}],"replies":[{"embeddable":true,"href":"https:\/\/restaurant-lacascade.fr\/en\/wp-json\/wp\/v2\/comments?post=8029"}],"version-history":[{"count":13,"href":"https:\/\/restaurant-lacascade.fr\/en\/wp-json\/wp\/v2\/pages\/8029\/revisions"}],"predecessor-version":[{"id":8046,"href":"https:\/\/restaurant-lacascade.fr\/en\/wp-json\/wp\/v2\/pages\/8029\/revisions\/8046"}],"wp:attachment":[{"href":"https:\/\/restaurant-lacascade.fr\/en\/wp-json\/wp\/v2\/media?parent=8029"}],"curies":[{"name":"wp","href":"https:\/\/api.w.org\/{rel}","templated":true}]}}